{"id":8668,"date":"2016-09-26T14:26:19","date_gmt":"2016-09-26T14:26:19","guid":{"rendered":"https:\/\/www.globaltendas.com\/portfolio\/"},"modified":"2023-09-19T08:35:18","modified_gmt":"2023-09-19T08:35:18","slug":"portfolio","status":"publish","type":"page","link":"https:\/\/globaltendas.com\/en\/portfolio\/","title":{"rendered":"Portfolio"},"content":{"rendered":"<p>[vc_row content_width=&#8221;grid&#8221; el_id=&#8221;portfolio&#8221;][vc_column][vc_empty_space][vc_column_text]<\/p>\n<h2>Our success stories<\/h2>\n<p>[\/vc_column_text][vc_empty_space][vc_column_text]Let yourself be inspired by our projects and discover our wide range of tailor-made solutions for all types of events: weddings, baptisms, private parties, concerts, corporate parties and temporary tents for sales activation points such as testing centres for pharmacies or outdoor activations for luxury brands.[\/vc_column_text][vc_empty_space]<div class = \"edgtf-portfolio-filter-holder edgtf-masonry-filter\">\n\t<div class = \"edgtf-portfolio-filter-holder-inner\">\n\t\t\t\t<ul>\n\t\t\t\t\t\t\t<li class=\"filter\" data-filter=\"*\"><span>All<\/span><\/li>\n\t\t\t\t\t\t\t\t\t\t\t<li data-class=\"filter\" class=\"filter\" data-filter = \".portfolio_category_351\">\n\t\t\t\t\t\t<span>\n\t\t\t\t\t\t\tA-Frame Tents\t\t\t\t\t\t<\/span>\n\t\t\t\t\t<\/li>\n\t\t\t\t\t\t\t\t\t<li data-class=\"filter\" class=\"filter\" data-filter = \".portfolio_category_353\">\n\t\t\t\t\t\t<span>\n\t\t\t\t\t\t\tIndustrial Tents\t\t\t\t\t\t<\/span>\n\t\t\t\t\t<\/li>\n\t\t\t\t\t\t\t\t\t<li data-class=\"filter\" class=\"filter\" data-filter = \".portfolio_category_355\">\n\t\t\t\t\t\t<span>\n\t\t\t\t\t\t\tOrbital Igloo Tent\t\t\t\t\t\t<\/span>\n\t\t\t\t\t<\/li>\n\t\t\t\t\t\t\t\t\t<li data-class=\"filter\" class=\"filter\" data-filter = \".portfolio_category_349\">\n\t\t\t\t\t\t<span>\n\t\t\t\t\t\t\tPagoda Tents\t\t\t\t\t\t<\/span>\n\t\t\t\t\t<\/li>\n\t\t\t\t\t\t\t\t\t<li data-class=\"filter\" class=\"filter\" data-filter = \".portfolio_category_354\">\n\t\t\t\t\t\t<span>\n\t\t\t\t\t\t\tPlatforms\t\t\t\t\t\t<\/span>\n\t\t\t\t\t<\/li>\n\t\t\t\t\t\t\t\t\t<li data-class=\"filter\" class=\"filter\" data-filter = \".portfolio_category_350\">\n\t\t\t\t\t\t<span>\n\t\t\t\t\t\t\tPolygonal Igloo Tent\t\t\t\t\t\t<\/span>\n\t\t\t\t\t<\/li>\n\t\t\t\t\t\t\t\t\t<li data-class=\"filter\" class=\"filter\" data-filter = \".portfolio_category_352\">\n\t\t\t\t\t\t<span>\n\t\t\t\t\t\t\tSports and Multipurpose Tents\t\t\t\t\t\t<\/span>\n\t\t\t\t\t<\/li>\n\t\t\t\t\t\t\t\t\t<li data-class=\"filter\" class=\"filter\" data-filter = \".portfolio_category_356\">\n\t\t\t\t\t\t<span>\n\t\t\t\t\t\t\tStages\t\t\t\t\t\t<\/span>\n\t\t\t\t\t<\/li>\n\t\t\t\t\t\t\t\t\t<li data-class=\"filter\" class=\"filter\" data-filter = \".portfolio_category_433\">\n\t\t\t\t\t\t<span>\n\t\t\t\t\t\t\tWooden Stands\t\t\t\t\t\t<\/span>\n\t\t\t\t\t<\/li>\n\t\t\t\t\t\t<\/ul> \n\t\t\t<\/div>\t\t\n<\/div><div class = \"edgtf-portfolio-list-holder-outer edgtf-ptf-pinterest edgtf-ptf-with-space edgtf-ptf-hover-sweep-left edgtf-ptf-load-more edgtf-ptf-show-more edgtf-ptf-pinterest-three-columns edgtf-ptf-has-filter edgtf-ptf-masonry-filter\" data-next-page= \"2\" data-type= \"pinterest\" data-columns= \"3\" data-grid-size= \"three\" data-order-by= \"date\" data-order= \"DESC\" data-number= \"18\" data-image-size= \"full\" data-hover-type= \"sweep-left\" data-filter= \"yes\" data-filter-order-by= \"name\" data-show-more= \"load_more\" data-title-tag= \"h2\" data-max-num-pages = 4><div class = \"edgtf-portfolio-list-holder clearfix\" ><div class=\"edgtf-portfolio-list-masonry-grid-sizer\"><\/div><div class=\"edgtf-portfolio-list-masonry-grid-gutter\"><\/div><article class=\"edgtf-portfolio-item portfolio_category_351 portfolio_category_349 portfolio_category_354 portfolio_category_350 portfolio_category_356\" >\n\t<div class=\"edgtf-portfolio-item-inner\">\n\t\t<a class =\"edgtf-portfolio-link\" href=\"https:\/\/globaltendas.com\/en\/portfolio-item\/feira-das-colheitas\/\"><\/a>\n\t\t<div class = \"edgtf-item-image-holder\">\n\t\t\t<div class=\"edgtf-item-image-holder-inner\">\n\t\t\t\t<img loading=\"lazy\" decoding=\"async\" width=\"1440\" height=\"2560\" src=\"https:\/\/globaltendas.com\/wp-content\/uploads\/2025\/10\/Tendas-para-Evento-7-scaled-e1760369947856.jpg\" class=\"attachment-full size-full wp-post-image\" alt=\"\" \/>\t\t\t<\/div>\n\t\t<\/div>\n\t\t<div class=\"edgtf-item-text-overlay\">\n\t\t\t<div class=\"edgtf-item-text-overlay-inner\">\n\t\t\t\t<div class=\"edgtf-item-text-holder\">\n\t<div class=\"edgtf-item-text-holder-inner\">\n\n\t\t<h2 class=\"edgtf-item-title\">\n\t\t\t<a class =\"edgtf-portfolio-title-link\" href=\"https:\/\/globaltendas.com\/en\/portfolio-item\/feira-das-colheitas\/\">\n\t\t\t\tHarvest Festival\t\t\t<\/a>\n\t\t<\/h2>\n\t\t<div class=\"edgtf-separator-holder clearfix  edgtf-separator-left\">\n\t<div class=\"edgtf-separator\" ><\/div>\n<\/div>\n<div class=\"edgtf-ptf-category-holder\"><span>A-Frame Tents<\/span> , <span>Pagoda Tents<\/span> , <span>Platforms<\/span> , <span>Polygonal Igloo Tent<\/span> , <span>Stages<\/span><\/div>\t<\/div>\n<\/div>\t\t\t<\/div>\t\n\t\t<\/div>\n\t<\/div>\n<\/article>\n<article class=\"edgtf-portfolio-item portfolio_category_354 portfolio_category_350\" >\n\t<div class=\"edgtf-portfolio-item-inner\">\n\t\t<a class =\"edgtf-portfolio-link\" href=\"https:\/\/globaltendas.com\/en\/portfolio-item\/festival-paredes-de-coura\/\"><\/a>\n\t\t<div class = \"edgtf-item-image-holder\">\n\t\t\t<div class=\"edgtf-item-image-holder-inner\">\n\t\t\t\t<img loading=\"lazy\" decoding=\"async\" width=\"1920\" height=\"1280\" src=\"https:\/\/globaltendas.com\/wp-content\/uploads\/2025\/09\/Tenda-Poligonal-Backstage_-Festival-Paredes-de-Coura-3.jpg\" class=\"attachment-full size-full wp-post-image\" alt=\"\" srcset=\"https:\/\/globaltendas.com\/wp-content\/uploads\/2025\/09\/Tenda-Poligonal-Backstage_-Festival-Paredes-de-Coura-3.jpg 1920w, https:\/\/globaltendas.com\/wp-content\/uploads\/2025\/09\/Tenda-Poligonal-Backstage_-Festival-Paredes-de-Coura-3-300x200.jpg 300w, https:\/\/globaltendas.com\/wp-content\/uploads\/2025\/09\/Tenda-Poligonal-Backstage_-Festival-Paredes-de-Coura-3-1024x683.jpg 1024w, https:\/\/globaltendas.com\/wp-content\/uploads\/2025\/09\/Tenda-Poligonal-Backstage_-Festival-Paredes-de-Coura-3-768x512.jpg 768w, https:\/\/globaltendas.com\/wp-content\/uploads\/2025\/09\/Tenda-Poligonal-Backstage_-Festival-Paredes-de-Coura-3-1536x1024.jpg 1536w\" sizes=\"auto, (max-width: 1920px) 100vw, 1920px\" \/>\t\t\t<\/div>\n\t\t<\/div>\n\t\t<div class=\"edgtf-item-text-overlay\">\n\t\t\t<div class=\"edgtf-item-text-overlay-inner\">\n\t\t\t\t<div class=\"edgtf-item-text-holder\">\n\t<div class=\"edgtf-item-text-holder-inner\">\n\n\t\t<h2 class=\"edgtf-item-title\">\n\t\t\t<a class =\"edgtf-portfolio-title-link\" href=\"https:\/\/globaltendas.com\/en\/portfolio-item\/festival-paredes-de-coura\/\">\n\t\t\t\tParedes de Coura Festival\t\t\t<\/a>\n\t\t<\/h2>\n\t\t<div class=\"edgtf-separator-holder clearfix  edgtf-separator-left\">\n\t<div class=\"edgtf-separator\" ><\/div>\n<\/div>\n<div class=\"edgtf-ptf-category-holder\"><span>Platforms<\/span> , <span>Polygonal Igloo Tent<\/span><\/div>\t<\/div>\n<\/div>\t\t\t<\/div>\t\n\t\t<\/div>\n\t<\/div>\n<\/article>\n<article class=\"edgtf-portfolio-item portfolio_category_433\" >\n\t<div class=\"edgtf-portfolio-item-inner\">\n\t\t<a class =\"edgtf-portfolio-link\" href=\"https:\/\/globaltendas.com\/en\/portfolio-item\/serralves-christmas-market\/\"><\/a>\n\t\t<div class = \"edgtf-item-image-holder\">\n\t\t\t<div class=\"edgtf-item-image-holder-inner\">\n\t\t\t\t<img loading=\"lazy\" decoding=\"async\" width=\"2005\" height=\"1336\" src=\"https:\/\/globaltendas.com\/wp-content\/uploads\/2025\/01\/Casas_de_madeira_natal_serralves-3.jpg\" class=\"attachment-full size-full wp-post-image\" alt=\"\" srcset=\"https:\/\/globaltendas.com\/wp-content\/uploads\/2025\/01\/Casas_de_madeira_natal_serralves-3.jpg 2005w, https:\/\/globaltendas.com\/wp-content\/uploads\/2025\/01\/Casas_de_madeira_natal_serralves-3-300x200.jpg 300w, https:\/\/globaltendas.com\/wp-content\/uploads\/2025\/01\/Casas_de_madeira_natal_serralves-3-1024x682.jpg 1024w, https:\/\/globaltendas.com\/wp-content\/uploads\/2025\/01\/Casas_de_madeira_natal_serralves-3-768x512.jpg 768w, https:\/\/globaltendas.com\/wp-content\/uploads\/2025\/01\/Casas_de_madeira_natal_serralves-3-1536x1023.jpg 1536w\" sizes=\"auto, (max-width: 2005px) 100vw, 2005px\" \/>\t\t\t<\/div>\n\t\t<\/div>\n\t\t<div class=\"edgtf-item-text-overlay\">\n\t\t\t<div class=\"edgtf-item-text-overlay-inner\">\n\t\t\t\t<div class=\"edgtf-item-text-holder\">\n\t<div class=\"edgtf-item-text-holder-inner\">\n\n\t\t<h2 class=\"edgtf-item-title\">\n\t\t\t<a class =\"edgtf-portfolio-title-link\" href=\"https:\/\/globaltendas.com\/en\/portfolio-item\/serralves-christmas-market\/\">\n\t\t\t\tSerralves Christmas Market\t\t\t<\/a>\n\t\t<\/h2>\n\t\t<div class=\"edgtf-separator-holder clearfix  edgtf-separator-left\">\n\t<div class=\"edgtf-separator\" ><\/div>\n<\/div>\n<div class=\"edgtf-ptf-category-holder\"><span>Wooden Stands<\/span><\/div>\t<\/div>\n<\/div>\t\t\t<\/div>\t\n\t\t<\/div>\n\t<\/div>\n<\/article>\n<article class=\"edgtf-portfolio-item portfolio_category_351 portfolio_category_354\" >\n\t<div class=\"edgtf-portfolio-item-inner\">\n\t\t<a class =\"edgtf-portfolio-link\" href=\"https:\/\/globaltendas.com\/en\/portfolio-item\/r-j-wedding\/\"><\/a>\n\t\t<div class = \"edgtf-item-image-holder\">\n\t\t\t<div class=\"edgtf-item-image-holder-inner\">\n\t\t\t\t<img loading=\"lazy\" decoding=\"async\" width=\"2048\" height=\"1536\" src=\"https:\/\/globaltendas.com\/wp-content\/uploads\/2025\/01\/Tenda_casamento_rj-8.jpg\" class=\"attachment-full size-full wp-post-image\" alt=\"\" srcset=\"https:\/\/globaltendas.com\/wp-content\/uploads\/2025\/01\/Tenda_casamento_rj-8.jpg 2048w, https:\/\/globaltendas.com\/wp-content\/uploads\/2025\/01\/Tenda_casamento_rj-8-300x225.jpg 300w, https:\/\/globaltendas.com\/wp-content\/uploads\/2025\/01\/Tenda_casamento_rj-8-1024x768.jpg 1024w, https:\/\/globaltendas.com\/wp-content\/uploads\/2025\/01\/Tenda_casamento_rj-8-768x576.jpg 768w, https:\/\/globaltendas.com\/wp-content\/uploads\/2025\/01\/Tenda_casamento_rj-8-1536x1152.jpg 1536w, https:\/\/globaltendas.com\/wp-content\/uploads\/2025\/01\/Tenda_casamento_rj-8-800x600.jpg 800w\" sizes=\"auto, (max-width: 2048px) 100vw, 2048px\" \/>\t\t\t<\/div>\n\t\t<\/div>\n\t\t<div class=\"edgtf-item-text-overlay\">\n\t\t\t<div class=\"edgtf-item-text-overlay-inner\">\n\t\t\t\t<div class=\"edgtf-item-text-holder\">\n\t<div class=\"edgtf-item-text-holder-inner\">\n\n\t\t<h2 class=\"edgtf-item-title\">\n\t\t\t<a class =\"edgtf-portfolio-title-link\" href=\"https:\/\/globaltendas.com\/en\/portfolio-item\/r-j-wedding\/\">\n\t\t\t\tR &amp; J Wedding\t\t\t<\/a>\n\t\t<\/h2>\n\t\t<div class=\"edgtf-separator-holder clearfix  edgtf-separator-left\">\n\t<div class=\"edgtf-separator\" ><\/div>\n<\/div>\n<div class=\"edgtf-ptf-category-holder\"><span>A-Frame Tents<\/span> , <span>Platforms<\/span><\/div>\t<\/div>\n<\/div>\t\t\t<\/div>\t\n\t\t<\/div>\n\t<\/div>\n<\/article>\n<article class=\"edgtf-portfolio-item portfolio_category_351 portfolio_category_349 portfolio_category_354\" >\n\t<div class=\"edgtf-portfolio-item-inner\">\n\t\t<a class =\"edgtf-portfolio-link\" href=\"https:\/\/globaltendas.com\/en\/portfolio-item\/a-t-wedding\/\"><\/a>\n\t\t<div class = \"edgtf-item-image-holder\">\n\t\t\t<div class=\"edgtf-item-image-holder-inner\">\n\t\t\t\t<img loading=\"lazy\" decoding=\"async\" width=\"1073\" height=\"816\" src=\"https:\/\/globaltendas.com\/wp-content\/uploads\/2023\/06\/tenda-casamento-junho-6.webp\" class=\"attachment-full size-full wp-post-image\" alt=\"Fotografia diurna de entrada de Tenda Duas \u00c1guas para casamento na Herdade do Porisso, em Braga.\" srcset=\"https:\/\/globaltendas.com\/wp-content\/uploads\/2023\/06\/tenda-casamento-junho-6.webp 1073w, https:\/\/globaltendas.com\/wp-content\/uploads\/2023\/06\/tenda-casamento-junho-6-300x228.webp 300w, https:\/\/globaltendas.com\/wp-content\/uploads\/2023\/06\/tenda-casamento-junho-6-1024x779.webp 1024w, https:\/\/globaltendas.com\/wp-content\/uploads\/2023\/06\/tenda-casamento-junho-6-768x584.webp 768w\" sizes=\"auto, (max-width: 1073px) 100vw, 1073px\" \/>\t\t\t<\/div>\n\t\t<\/div>\n\t\t<div class=\"edgtf-item-text-overlay\">\n\t\t\t<div class=\"edgtf-item-text-overlay-inner\">\n\t\t\t\t<div class=\"edgtf-item-text-holder\">\n\t<div class=\"edgtf-item-text-holder-inner\">\n\n\t\t<h2 class=\"edgtf-item-title\">\n\t\t\t<a class =\"edgtf-portfolio-title-link\" href=\"https:\/\/globaltendas.com\/en\/portfolio-item\/a-t-wedding\/\">\n\t\t\t\tA &amp; T Wedding\t\t\t<\/a>\n\t\t<\/h2>\n\t\t<div class=\"edgtf-separator-holder clearfix  edgtf-separator-left\">\n\t<div class=\"edgtf-separator\" ><\/div>\n<\/div>\n<div class=\"edgtf-ptf-category-holder\"><span>A-Frame Tents<\/span> , <span>Pagoda Tents<\/span> , <span>Platforms<\/span><\/div>\t<\/div>\n<\/div>\t\t\t<\/div>\t\n\t\t<\/div>\n\t<\/div>\n<\/article>\n<article class=\"edgtf-portfolio-item portfolio_category_351\" >\n\t<div class=\"edgtf-portfolio-item-inner\">\n\t\t<a class =\"edgtf-portfolio-link\" href=\"https:\/\/globaltendas.com\/en\/portfolio-item\/temporary-tent-for-company\/\"><\/a>\n\t\t<div class = \"edgtf-item-image-holder\">\n\t\t\t<div class=\"edgtf-item-image-holder-inner\">\n\t\t\t\t<img loading=\"lazy\" decoding=\"async\" width=\"2000\" height=\"1496\" src=\"https:\/\/globaltendas.com\/wp-content\/uploads\/2023\/03\/Amtrol-Alpha-tenda-1.jpg\" class=\"attachment-full size-full wp-post-image\" alt=\"Fotografia de montagem de tenda duas \u00e1guas para necessidades espec\u00edficas da empresa Amtrol Alpha.\" srcset=\"https:\/\/globaltendas.com\/wp-content\/uploads\/2023\/03\/Amtrol-Alpha-tenda-1.jpg 2000w, https:\/\/globaltendas.com\/wp-content\/uploads\/2023\/03\/Amtrol-Alpha-tenda-1-300x224.jpg 300w, https:\/\/globaltendas.com\/wp-content\/uploads\/2023\/03\/Amtrol-Alpha-tenda-1-1024x766.jpg 1024w, https:\/\/globaltendas.com\/wp-content\/uploads\/2023\/03\/Amtrol-Alpha-tenda-1-768x574.jpg 768w, https:\/\/globaltendas.com\/wp-content\/uploads\/2023\/03\/Amtrol-Alpha-tenda-1-1536x1149.jpg 1536w\" sizes=\"auto, (max-width: 2000px) 100vw, 2000px\" \/>\t\t\t<\/div>\n\t\t<\/div>\n\t\t<div class=\"edgtf-item-text-overlay\">\n\t\t\t<div class=\"edgtf-item-text-overlay-inner\">\n\t\t\t\t<div class=\"edgtf-item-text-holder\">\n\t<div class=\"edgtf-item-text-holder-inner\">\n\n\t\t<h2 class=\"edgtf-item-title\">\n\t\t\t<a class =\"edgtf-portfolio-title-link\" href=\"https:\/\/globaltendas.com\/en\/portfolio-item\/temporary-tent-for-company\/\">\n\t\t\t\tTemporary Tent for Company\t\t\t<\/a>\n\t\t<\/h2>\n\t\t<div class=\"edgtf-separator-holder clearfix  edgtf-separator-left\">\n\t<div class=\"edgtf-separator\" ><\/div>\n<\/div>\n<div class=\"edgtf-ptf-category-holder\"><span>A-Frame Tents<\/span><\/div>\t<\/div>\n<\/div>\t\t\t<\/div>\t\n\t\t<\/div>\n\t<\/div>\n<\/article>\n<article class=\"edgtf-portfolio-item portfolio_category_351\" >\n\t<div class=\"edgtf-portfolio-item-inner\">\n\t\t<a class =\"edgtf-portfolio-link\" href=\"https:\/\/globaltendas.com\/en\/portfolio-item\/wind-power-maintenance-structure\/\"><\/a>\n\t\t<div class = \"edgtf-item-image-holder\">\n\t\t\t<div class=\"edgtf-item-image-holder-inner\">\n\t\t\t\t<img loading=\"lazy\" decoding=\"async\" width=\"2000\" height=\"1496\" src=\"https:\/\/globaltendas.com\/wp-content\/uploads\/2023\/03\/Vestas-tenda-pampilhosa-da-serra-4.jpg\" class=\"attachment-full size-full wp-post-image\" alt=\"Montagem de tenda duas \u00e1guas opaca para manuten\u00e7\u00e3o de p\u00e1s e\u00f3licas da empresa Vestas, em Pampilhosa da Serra.\" srcset=\"https:\/\/globaltendas.com\/wp-content\/uploads\/2023\/03\/Vestas-tenda-pampilhosa-da-serra-4.jpg 2000w, https:\/\/globaltendas.com\/wp-content\/uploads\/2023\/03\/Vestas-tenda-pampilhosa-da-serra-4-300x224.jpg 300w, https:\/\/globaltendas.com\/wp-content\/uploads\/2023\/03\/Vestas-tenda-pampilhosa-da-serra-4-1024x766.jpg 1024w, https:\/\/globaltendas.com\/wp-content\/uploads\/2023\/03\/Vestas-tenda-pampilhosa-da-serra-4-768x574.jpg 768w, https:\/\/globaltendas.com\/wp-content\/uploads\/2023\/03\/Vestas-tenda-pampilhosa-da-serra-4-1536x1149.jpg 1536w\" sizes=\"auto, (max-width: 2000px) 100vw, 2000px\" \/>\t\t\t<\/div>\n\t\t<\/div>\n\t\t<div class=\"edgtf-item-text-overlay\">\n\t\t\t<div class=\"edgtf-item-text-overlay-inner\">\n\t\t\t\t<div class=\"edgtf-item-text-holder\">\n\t<div class=\"edgtf-item-text-holder-inner\">\n\n\t\t<h2 class=\"edgtf-item-title\">\n\t\t\t<a class =\"edgtf-portfolio-title-link\" href=\"https:\/\/globaltendas.com\/en\/portfolio-item\/wind-power-maintenance-structure\/\">\n\t\t\t\tWind Power Maintenance Structure\t\t\t<\/a>\n\t\t<\/h2>\n\t\t<div class=\"edgtf-separator-holder clearfix  edgtf-separator-left\">\n\t<div class=\"edgtf-separator\" ><\/div>\n<\/div>\n<div class=\"edgtf-ptf-category-holder\"><span>A-Frame Tents<\/span><\/div>\t<\/div>\n<\/div>\t\t\t<\/div>\t\n\t\t<\/div>\n\t<\/div>\n<\/article>\n<article class=\"edgtf-portfolio-item portfolio_category_351\" >\n\t<div class=\"edgtf-portfolio-item-inner\">\n\t\t<a class =\"edgtf-portfolio-link\" href=\"https:\/\/globaltendas.com\/en\/portfolio-item\/sc-braga-corporate-club\/\"><\/a>\n\t\t<div class = \"edgtf-item-image-holder\">\n\t\t\t<div class=\"edgtf-item-image-holder-inner\">\n\t\t\t\t<img loading=\"lazy\" decoding=\"async\" width=\"500\" height=\"625\" src=\"https:\/\/globaltendas.com\/wp-content\/uploads\/2023\/01\/Aluguer_de_tenda_sc_braga-9.jpg\" class=\"attachment-full size-full wp-post-image\" alt=\"\" srcset=\"https:\/\/globaltendas.com\/wp-content\/uploads\/2023\/01\/Aluguer_de_tenda_sc_braga-9.jpg 500w, https:\/\/globaltendas.com\/wp-content\/uploads\/2023\/01\/Aluguer_de_tenda_sc_braga-9-240x300.jpg 240w\" sizes=\"auto, (max-width: 500px) 100vw, 500px\" \/>\t\t\t<\/div>\n\t\t<\/div>\n\t\t<div class=\"edgtf-item-text-overlay\">\n\t\t\t<div class=\"edgtf-item-text-overlay-inner\">\n\t\t\t\t<div class=\"edgtf-item-text-holder\">\n\t<div class=\"edgtf-item-text-holder-inner\">\n\n\t\t<h2 class=\"edgtf-item-title\">\n\t\t\t<a class =\"edgtf-portfolio-title-link\" href=\"https:\/\/globaltendas.com\/en\/portfolio-item\/sc-braga-corporate-club\/\">\n\t\t\t\tSC Braga Corporate Club\t\t\t<\/a>\n\t\t<\/h2>\n\t\t<div class=\"edgtf-separator-holder clearfix  edgtf-separator-left\">\n\t<div class=\"edgtf-separator\" ><\/div>\n<\/div>\n<div class=\"edgtf-ptf-category-holder\"><span>A-Frame Tents<\/span><\/div>\t<\/div>\n<\/div>\t\t\t<\/div>\t\n\t\t<\/div>\n\t<\/div>\n<\/article>\n<article class=\"edgtf-portfolio-item portfolio_category_354 portfolio_category_350\" >\n\t<div class=\"edgtf-portfolio-item-inner\">\n\t\t<a class =\"edgtf-portfolio-link\" href=\"https:\/\/globaltendas.com\/en\/portfolio-item\/f-j-wedding\/\"><\/a>\n\t\t<div class = \"edgtf-item-image-holder\">\n\t\t\t<div class=\"edgtf-item-image-holder-inner\">\n\t\t\t\t<img loading=\"lazy\" decoding=\"async\" width=\"700\" height=\"525\" src=\"https:\/\/globaltendas.com\/wp-content\/uploads\/2023\/01\/Tenda-Sameiro-Casamento-4.jpg\" class=\"attachment-full size-full wp-post-image\" alt=\"\" srcset=\"https:\/\/globaltendas.com\/wp-content\/uploads\/2023\/01\/Tenda-Sameiro-Casamento-4.jpg 700w, https:\/\/globaltendas.com\/wp-content\/uploads\/2023\/01\/Tenda-Sameiro-Casamento-4-300x225.jpg 300w\" sizes=\"auto, (max-width: 700px) 100vw, 700px\" \/>\t\t\t<\/div>\n\t\t<\/div>\n\t\t<div class=\"edgtf-item-text-overlay\">\n\t\t\t<div class=\"edgtf-item-text-overlay-inner\">\n\t\t\t\t<div class=\"edgtf-item-text-holder\">\n\t<div class=\"edgtf-item-text-holder-inner\">\n\n\t\t<h2 class=\"edgtf-item-title\">\n\t\t\t<a class =\"edgtf-portfolio-title-link\" href=\"https:\/\/globaltendas.com\/en\/portfolio-item\/f-j-wedding\/\">\n\t\t\t\tF &amp; J Wedding\t\t\t<\/a>\n\t\t<\/h2>\n\t\t<div class=\"edgtf-separator-holder clearfix  edgtf-separator-left\">\n\t<div class=\"edgtf-separator\" ><\/div>\n<\/div>\n<div class=\"edgtf-ptf-category-holder\"><span>Platforms<\/span> , <span>Polygonal Igloo Tent<\/span><\/div>\t<\/div>\n<\/div>\t\t\t<\/div>\t\n\t\t<\/div>\n\t<\/div>\n<\/article>\n<article class=\"edgtf-portfolio-item portfolio_category_351 portfolio_category_349 portfolio_category_354 portfolio_category_350 portfolio_category_356\" >\n\t<div class=\"edgtf-portfolio-item-inner\">\n\t\t<a class =\"edgtf-portfolio-link\" href=\"https:\/\/globaltendas.com\/en\/portfolio-item\/comic-con-portugal-2\/\"><\/a>\n\t\t<div class = \"edgtf-item-image-holder\">\n\t\t\t<div class=\"edgtf-item-image-holder-inner\">\n\t\t\t\t<img loading=\"lazy\" decoding=\"async\" width=\"1200\" height=\"900\" src=\"https:\/\/globaltendas.com\/wp-content\/uploads\/2022\/12\/0ab4abaa-59c4-4bac-b66b-c367f5ec4d51-1.jpg\" class=\"attachment-full size-full wp-post-image\" alt=\"\" srcset=\"https:\/\/globaltendas.com\/wp-content\/uploads\/2022\/12\/0ab4abaa-59c4-4bac-b66b-c367f5ec4d51-1.jpg 1200w, https:\/\/globaltendas.com\/wp-content\/uploads\/2022\/12\/0ab4abaa-59c4-4bac-b66b-c367f5ec4d51-1-300x225.jpg 300w, https:\/\/globaltendas.com\/wp-content\/uploads\/2022\/12\/0ab4abaa-59c4-4bac-b66b-c367f5ec4d51-1-1024x768.jpg 1024w, https:\/\/globaltendas.com\/wp-content\/uploads\/2022\/12\/0ab4abaa-59c4-4bac-b66b-c367f5ec4d51-1-768x576.jpg 768w, https:\/\/globaltendas.com\/wp-content\/uploads\/2022\/12\/0ab4abaa-59c4-4bac-b66b-c367f5ec4d51-1-800x600.jpg 800w\" sizes=\"auto, (max-width: 1200px) 100vw, 1200px\" \/>\t\t\t<\/div>\n\t\t<\/div>\n\t\t<div class=\"edgtf-item-text-overlay\">\n\t\t\t<div class=\"edgtf-item-text-overlay-inner\">\n\t\t\t\t<div class=\"edgtf-item-text-holder\">\n\t<div class=\"edgtf-item-text-holder-inner\">\n\n\t\t<h2 class=\"edgtf-item-title\">\n\t\t\t<a class =\"edgtf-portfolio-title-link\" href=\"https:\/\/globaltendas.com\/en\/portfolio-item\/comic-con-portugal-2\/\">\n\t\t\t\tComic Con Portugal\t\t\t<\/a>\n\t\t<\/h2>\n\t\t<div class=\"edgtf-separator-holder clearfix  edgtf-separator-left\">\n\t<div class=\"edgtf-separator\" ><\/div>\n<\/div>\n<div class=\"edgtf-ptf-category-holder\"><span>A-Frame Tents<\/span> , <span>Pagoda Tents<\/span> , <span>Platforms<\/span> , <span>Polygonal Igloo Tent<\/span> , <span>Stages<\/span><\/div>\t<\/div>\n<\/div>\t\t\t<\/div>\t\n\t\t<\/div>\n\t<\/div>\n<\/article>\n<article class=\"edgtf-portfolio-item portfolio_category_349 portfolio_category_354 portfolio_category_350 portfolio_category_356\" >\n\t<div class=\"edgtf-portfolio-item-inner\">\n\t\t<a class =\"edgtf-portfolio-link\" href=\"https:\/\/globaltendas.com\/en\/portfolio-item\/authentica-festival\/\"><\/a>\n\t\t<div class = \"edgtf-item-image-holder\">\n\t\t\t<div class=\"edgtf-item-image-holder-inner\">\n\t\t\t\t<img loading=\"lazy\" decoding=\"async\" width=\"1000\" height=\"563\" src=\"https:\/\/globaltendas.com\/wp-content\/uploads\/2022\/12\/Tendas-festival-authentica.jpg\" class=\"attachment-full size-full wp-post-image\" alt=\"\" srcset=\"https:\/\/globaltendas.com\/wp-content\/uploads\/2022\/12\/Tendas-festival-authentica.jpg 1000w, https:\/\/globaltendas.com\/wp-content\/uploads\/2022\/12\/Tendas-festival-authentica-300x169.jpg 300w, https:\/\/globaltendas.com\/wp-content\/uploads\/2022\/12\/Tendas-festival-authentica-768x432.jpg 768w\" sizes=\"auto, (max-width: 1000px) 100vw, 1000px\" \/>\t\t\t<\/div>\n\t\t<\/div>\n\t\t<div class=\"edgtf-item-text-overlay\">\n\t\t\t<div class=\"edgtf-item-text-overlay-inner\">\n\t\t\t\t<div class=\"edgtf-item-text-holder\">\n\t<div class=\"edgtf-item-text-holder-inner\">\n\n\t\t<h2 class=\"edgtf-item-title\">\n\t\t\t<a class =\"edgtf-portfolio-title-link\" href=\"https:\/\/globaltendas.com\/en\/portfolio-item\/authentica-festival\/\">\n\t\t\t\tAuthentica Festival\t\t\t<\/a>\n\t\t<\/h2>\n\t\t<div class=\"edgtf-separator-holder clearfix  edgtf-separator-left\">\n\t<div class=\"edgtf-separator\" ><\/div>\n<\/div>\n<div class=\"edgtf-ptf-category-holder\"><span>Pagoda Tents<\/span> , <span>Platforms<\/span> , <span>Polygonal Igloo Tent<\/span> , <span>Stages<\/span><\/div>\t<\/div>\n<\/div>\t\t\t<\/div>\t\n\t\t<\/div>\n\t<\/div>\n<\/article>\n<article class=\"edgtf-portfolio-item portfolio_category_355\" >\n\t<div class=\"edgtf-portfolio-item-inner\">\n\t\t<a class =\"edgtf-portfolio-link\" href=\"https:\/\/globaltendas.com\/en\/portfolio-item\/amadora-bd\/\"><\/a>\n\t\t<div class = \"edgtf-item-image-holder\">\n\t\t\t<div class=\"edgtf-item-image-holder-inner\">\n\t\t\t\t<img loading=\"lazy\" decoding=\"async\" width=\"1200\" height=\"1500\" src=\"https:\/\/globaltendas.com\/wp-content\/uploads\/2022\/09\/5ac55452-a7f5-4f05-9656-4c0ca00311ad.jpg\" class=\"attachment-full size-full wp-post-image\" alt=\"\" srcset=\"https:\/\/globaltendas.com\/wp-content\/uploads\/2022\/09\/5ac55452-a7f5-4f05-9656-4c0ca00311ad.jpg 1200w, https:\/\/globaltendas.com\/wp-content\/uploads\/2022\/09\/5ac55452-a7f5-4f05-9656-4c0ca00311ad-240x300.jpg 240w, https:\/\/globaltendas.com\/wp-content\/uploads\/2022\/09\/5ac55452-a7f5-4f05-9656-4c0ca00311ad-819x1024.jpg 819w, https:\/\/globaltendas.com\/wp-content\/uploads\/2022\/09\/5ac55452-a7f5-4f05-9656-4c0ca00311ad-768x960.jpg 768w\" sizes=\"auto, (max-width: 1200px) 100vw, 1200px\" \/>\t\t\t<\/div>\n\t\t<\/div>\n\t\t<div class=\"edgtf-item-text-overlay\">\n\t\t\t<div class=\"edgtf-item-text-overlay-inner\">\n\t\t\t\t<div class=\"edgtf-item-text-holder\">\n\t<div class=\"edgtf-item-text-holder-inner\">\n\n\t\t<h2 class=\"edgtf-item-title\">\n\t\t\t<a class =\"edgtf-portfolio-title-link\" href=\"https:\/\/globaltendas.com\/en\/portfolio-item\/amadora-bd\/\">\n\t\t\t\tAmadora BD\t\t\t<\/a>\n\t\t<\/h2>\n\t\t<div class=\"edgtf-separator-holder clearfix  edgtf-separator-left\">\n\t<div class=\"edgtf-separator\" ><\/div>\n<\/div>\n<div class=\"edgtf-ptf-category-holder\"><span>Orbital Igloo Tent<\/span><\/div>\t<\/div>\n<\/div>\t\t\t<\/div>\t\n\t\t<\/div>\n\t<\/div>\n<\/article>\n<article class=\"edgtf-portfolio-item portfolio_category_350\" >\n\t<div class=\"edgtf-portfolio-item-inner\">\n\t\t<a class =\"edgtf-portfolio-link\" href=\"https:\/\/globaltendas.com\/en\/portfolio-item\/sao-bernardos-fair\/\"><\/a>\n\t\t<div class = \"edgtf-item-image-holder\">\n\t\t\t<div class=\"edgtf-item-image-holder-inner\">\n\t\t\t\t<img loading=\"lazy\" decoding=\"async\" width=\"1200\" height=\"1499\" src=\"https:\/\/globaltendas.com\/wp-content\/uploads\/2022\/09\/Alcobaca-Tenda-1.jpg\" class=\"attachment-full size-full wp-post-image\" alt=\"\" srcset=\"https:\/\/globaltendas.com\/wp-content\/uploads\/2022\/09\/Alcobaca-Tenda-1.jpg 1200w, https:\/\/globaltendas.com\/wp-content\/uploads\/2022\/09\/Alcobaca-Tenda-1-240x300.jpg 240w, https:\/\/globaltendas.com\/wp-content\/uploads\/2022\/09\/Alcobaca-Tenda-1-820x1024.jpg 820w, https:\/\/globaltendas.com\/wp-content\/uploads\/2022\/09\/Alcobaca-Tenda-1-768x959.jpg 768w\" sizes=\"auto, (max-width: 1200px) 100vw, 1200px\" \/>\t\t\t<\/div>\n\t\t<\/div>\n\t\t<div class=\"edgtf-item-text-overlay\">\n\t\t\t<div class=\"edgtf-item-text-overlay-inner\">\n\t\t\t\t<div class=\"edgtf-item-text-holder\">\n\t<div class=\"edgtf-item-text-holder-inner\">\n\n\t\t<h2 class=\"edgtf-item-title\">\n\t\t\t<a class =\"edgtf-portfolio-title-link\" href=\"https:\/\/globaltendas.com\/en\/portfolio-item\/sao-bernardos-fair\/\">\n\t\t\t\tS\u00e3o Bernardo&#8217;s Fair\t\t\t<\/a>\n\t\t<\/h2>\n\t\t<div class=\"edgtf-separator-holder clearfix  edgtf-separator-left\">\n\t<div class=\"edgtf-separator\" ><\/div>\n<\/div>\n<div class=\"edgtf-ptf-category-holder\"><span>Polygonal Igloo Tent<\/span><\/div>\t<\/div>\n<\/div>\t\t\t<\/div>\t\n\t\t<\/div>\n\t<\/div>\n<\/article>\n<article class=\"edgtf-portfolio-item portfolio_category_353 portfolio_category_350\" >\n\t<div class=\"edgtf-portfolio-item-inner\">\n\t\t<a class =\"edgtf-portfolio-link\" href=\"https:\/\/globaltendas.com\/en\/portfolio-item\/storage-solution\/\"><\/a>\n\t\t<div class = \"edgtf-item-image-holder\">\n\t\t\t<div class=\"edgtf-item-image-holder-inner\">\n\t\t\t\t<img loading=\"lazy\" decoding=\"async\" width=\"1600\" height=\"1335\" src=\"https:\/\/globaltendas.com\/wp-content\/uploads\/2022\/09\/f2ed4961-0254-4b62-97db-7d971824feb4.jpg\" class=\"attachment-full size-full wp-post-image\" alt=\"\" srcset=\"https:\/\/globaltendas.com\/wp-content\/uploads\/2022\/09\/f2ed4961-0254-4b62-97db-7d971824feb4.jpg 1600w, https:\/\/globaltendas.com\/wp-content\/uploads\/2022\/09\/f2ed4961-0254-4b62-97db-7d971824feb4-300x250.jpg 300w, https:\/\/globaltendas.com\/wp-content\/uploads\/2022\/09\/f2ed4961-0254-4b62-97db-7d971824feb4-1024x854.jpg 1024w, https:\/\/globaltendas.com\/wp-content\/uploads\/2022\/09\/f2ed4961-0254-4b62-97db-7d971824feb4-768x641.jpg 768w, https:\/\/globaltendas.com\/wp-content\/uploads\/2022\/09\/f2ed4961-0254-4b62-97db-7d971824feb4-1536x1282.jpg 1536w\" sizes=\"auto, (max-width: 1600px) 100vw, 1600px\" \/>\t\t\t<\/div>\n\t\t<\/div>\n\t\t<div class=\"edgtf-item-text-overlay\">\n\t\t\t<div class=\"edgtf-item-text-overlay-inner\">\n\t\t\t\t<div class=\"edgtf-item-text-holder\">\n\t<div class=\"edgtf-item-text-holder-inner\">\n\n\t\t<h2 class=\"edgtf-item-title\">\n\t\t\t<a class =\"edgtf-portfolio-title-link\" href=\"https:\/\/globaltendas.com\/en\/portfolio-item\/storage-solution\/\">\n\t\t\t\tStorage Solution\t\t\t<\/a>\n\t\t<\/h2>\n\t\t<div class=\"edgtf-separator-holder clearfix  edgtf-separator-left\">\n\t<div class=\"edgtf-separator\" ><\/div>\n<\/div>\n<div class=\"edgtf-ptf-category-holder\"><span>Industrial Tents<\/span> , <span>Polygonal Igloo Tent<\/span><\/div>\t<\/div>\n<\/div>\t\t\t<\/div>\t\n\t\t<\/div>\n\t<\/div>\n<\/article>\n<article class=\"edgtf-portfolio-item portfolio_category_351\" >\n\t<div class=\"edgtf-portfolio-item-inner\">\n\t\t<a class =\"edgtf-portfolio-link\" href=\"https:\/\/globaltendas.com\/en\/portfolio-item\/baptism\/\"><\/a>\n\t\t<div class = \"edgtf-item-image-holder\">\n\t\t\t<div class=\"edgtf-item-image-holder-inner\">\n\t\t\t\t<img loading=\"lazy\" decoding=\"async\" width=\"1000\" height=\"751\" src=\"https:\/\/globaltendas.com\/wp-content\/uploads\/2022\/09\/Tenda-batizado-5.jpg\" class=\"attachment-full size-full wp-post-image\" alt=\"\" srcset=\"https:\/\/globaltendas.com\/wp-content\/uploads\/2022\/09\/Tenda-batizado-5.jpg 1000w, https:\/\/globaltendas.com\/wp-content\/uploads\/2022\/09\/Tenda-batizado-5-300x225.jpg 300w, https:\/\/globaltendas.com\/wp-content\/uploads\/2022\/09\/Tenda-batizado-5-768x577.jpg 768w, https:\/\/globaltendas.com\/wp-content\/uploads\/2022\/09\/Tenda-batizado-5-800x600.jpg 800w\" sizes=\"auto, (max-width: 1000px) 100vw, 1000px\" \/>\t\t\t<\/div>\n\t\t<\/div>\n\t\t<div class=\"edgtf-item-text-overlay\">\n\t\t\t<div class=\"edgtf-item-text-overlay-inner\">\n\t\t\t\t<div class=\"edgtf-item-text-holder\">\n\t<div class=\"edgtf-item-text-holder-inner\">\n\n\t\t<h2 class=\"edgtf-item-title\">\n\t\t\t<a class =\"edgtf-portfolio-title-link\" href=\"https:\/\/globaltendas.com\/en\/portfolio-item\/baptism\/\">\n\t\t\t\tP\u00f3voa de Lanhoso&#8217;s Baptism Tent\t\t\t<\/a>\n\t\t<\/h2>\n\t\t<div class=\"edgtf-separator-holder clearfix  edgtf-separator-left\">\n\t<div class=\"edgtf-separator\" ><\/div>\n<\/div>\n<div class=\"edgtf-ptf-category-holder\"><span>A-Frame Tents<\/span><\/div>\t<\/div>\n<\/div>\t\t\t<\/div>\t\n\t\t<\/div>\n\t<\/div>\n<\/article>\n<article class=\"edgtf-portfolio-item portfolio_category_351\" >\n\t<div class=\"edgtf-portfolio-item-inner\">\n\t\t<a class =\"edgtf-portfolio-link\" href=\"https:\/\/globaltendas.com\/en\/portfolio-item\/extra-storage-tent\/\"><\/a>\n\t\t<div class = \"edgtf-item-image-holder\">\n\t\t\t<div class=\"edgtf-item-image-holder-inner\">\n\t\t\t\t<img loading=\"lazy\" decoding=\"async\" width=\"1531\" height=\"1148\" src=\"https:\/\/globaltendas.com\/wp-content\/uploads\/2022\/09\/0.jpg\" class=\"attachment-full size-full wp-post-image\" alt=\"\" srcset=\"https:\/\/globaltendas.com\/wp-content\/uploads\/2022\/09\/0.jpg 1531w, https:\/\/globaltendas.com\/wp-content\/uploads\/2022\/09\/0-300x225.jpg 300w, https:\/\/globaltendas.com\/wp-content\/uploads\/2022\/09\/0-1024x768.jpg 1024w, https:\/\/globaltendas.com\/wp-content\/uploads\/2022\/09\/0-768x576.jpg 768w, https:\/\/globaltendas.com\/wp-content\/uploads\/2022\/09\/0-800x600.jpg 800w\" sizes=\"auto, (max-width: 1531px) 100vw, 1531px\" \/>\t\t\t<\/div>\n\t\t<\/div>\n\t\t<div class=\"edgtf-item-text-overlay\">\n\t\t\t<div class=\"edgtf-item-text-overlay-inner\">\n\t\t\t\t<div class=\"edgtf-item-text-holder\">\n\t<div class=\"edgtf-item-text-holder-inner\">\n\n\t\t<h2 class=\"edgtf-item-title\">\n\t\t\t<a class =\"edgtf-portfolio-title-link\" href=\"https:\/\/globaltendas.com\/en\/portfolio-item\/extra-storage-tent\/\">\n\t\t\t\tExtra Storage Tent\t\t\t<\/a>\n\t\t<\/h2>\n\t\t<div class=\"edgtf-separator-holder clearfix  edgtf-separator-left\">\n\t<div class=\"edgtf-separator\" ><\/div>\n<\/div>\n<div class=\"edgtf-ptf-category-holder\"><span>A-Frame Tents<\/span><\/div>\t<\/div>\n<\/div>\t\t\t<\/div>\t\n\t\t<\/div>\n\t<\/div>\n<\/article>\n<article class=\"edgtf-portfolio-item portfolio_category_351\" >\n\t<div class=\"edgtf-portfolio-item-inner\">\n\t\t<a class =\"edgtf-portfolio-link\" href=\"https:\/\/globaltendas.com\/en\/portfolio-item\/a-m-wedding\/\"><\/a>\n\t\t<div class = \"edgtf-item-image-holder\">\n\t\t\t<div class=\"edgtf-item-image-holder-inner\">\n\t\t\t\t<img loading=\"lazy\" decoding=\"async\" width=\"600\" height=\"800\" src=\"https:\/\/globaltendas.com\/wp-content\/uploads\/2022\/09\/304868894_473203038011348_595054326496528527_n.jpg\" class=\"attachment-full size-full wp-post-image\" alt=\"\" srcset=\"https:\/\/globaltendas.com\/wp-content\/uploads\/2022\/09\/304868894_473203038011348_595054326496528527_n.jpg 600w, https:\/\/globaltendas.com\/wp-content\/uploads\/2022\/09\/304868894_473203038011348_595054326496528527_n-225x300.jpg 225w\" sizes=\"auto, (max-width: 600px) 100vw, 600px\" \/>\t\t\t<\/div>\n\t\t<\/div>\n\t\t<div class=\"edgtf-item-text-overlay\">\n\t\t\t<div class=\"edgtf-item-text-overlay-inner\">\n\t\t\t\t<div class=\"edgtf-item-text-holder\">\n\t<div class=\"edgtf-item-text-holder-inner\">\n\n\t\t<h2 class=\"edgtf-item-title\">\n\t\t\t<a class =\"edgtf-portfolio-title-link\" href=\"https:\/\/globaltendas.com\/en\/portfolio-item\/a-m-wedding\/\">\n\t\t\t\tA &amp; M Wedding\t\t\t<\/a>\n\t\t<\/h2>\n\t\t<div class=\"edgtf-separator-holder clearfix  edgtf-separator-left\">\n\t<div class=\"edgtf-separator\" ><\/div>\n<\/div>\n<div class=\"edgtf-ptf-category-holder\"><span>A-Frame Tents<\/span><\/div>\t<\/div>\n<\/div>\t\t\t<\/div>\t\n\t\t<\/div>\n\t<\/div>\n<\/article>\n<article class=\"edgtf-portfolio-item portfolio_category_351 portfolio_category_353\" >\n\t<div class=\"edgtf-portfolio-item-inner\">\n\t\t<a class =\"edgtf-portfolio-link\" href=\"https:\/\/globaltendas.com\/en\/portfolio-item\/roq-extra-storage\/\"><\/a>\n\t\t<div class = \"edgtf-item-image-holder\">\n\t\t\t<div class=\"edgtf-item-image-holder-inner\">\n\t\t\t\t<img loading=\"lazy\" decoding=\"async\" width=\"2000\" height=\"1496\" src=\"https:\/\/globaltendas.com\/wp-content\/uploads\/2022\/09\/Tenda-roq.jpg\" class=\"attachment-full size-full wp-post-image\" alt=\"\" srcset=\"https:\/\/globaltendas.com\/wp-content\/uploads\/2022\/09\/Tenda-roq.jpg 2000w, https:\/\/globaltendas.com\/wp-content\/uploads\/2022\/09\/Tenda-roq-300x224.jpg 300w, https:\/\/globaltendas.com\/wp-content\/uploads\/2022\/09\/Tenda-roq-1024x766.jpg 1024w, https:\/\/globaltendas.com\/wp-content\/uploads\/2022\/09\/Tenda-roq-768x574.jpg 768w, https:\/\/globaltendas.com\/wp-content\/uploads\/2022\/09\/Tenda-roq-1536x1149.jpg 1536w\" sizes=\"auto, (max-width: 2000px) 100vw, 2000px\" \/>\t\t\t<\/div>\n\t\t<\/div>\n\t\t<div class=\"edgtf-item-text-overlay\">\n\t\t\t<div class=\"edgtf-item-text-overlay-inner\">\n\t\t\t\t<div class=\"edgtf-item-text-holder\">\n\t<div class=\"edgtf-item-text-holder-inner\">\n\n\t\t<h2 class=\"edgtf-item-title\">\n\t\t\t<a class =\"edgtf-portfolio-title-link\" href=\"https:\/\/globaltendas.com\/en\/portfolio-item\/roq-extra-storage\/\">\n\t\t\t\tROQ Extra Storage\t\t\t<\/a>\n\t\t<\/h2>\n\t\t<div class=\"edgtf-separator-holder clearfix  edgtf-separator-left\">\n\t<div class=\"edgtf-separator\" ><\/div>\n<\/div>\n<div class=\"edgtf-ptf-category-holder\"><span>A-Frame Tents<\/span> , <span>Industrial Tents<\/span><\/div>\t<\/div>\n<\/div>\t\t\t<\/div>\t\n\t\t<\/div>\n\t<\/div>\n<\/article>\n<\/div>\t<div class=\"edgtf-ptf-list-paging\">\n\t\t<span class=\"edgtf-ptf-list-load-more\">\n\t\t\t<a href=\"\" target=\"_self\"  class=\"edgtf-btn edgtf-btn-large edgtf-btn-solid edgtf-btn-bckg-hover\"  >\t\t\t<span class=\"edgtf-btn-text\">Show More<\/span>\t    <\/a>\t\t<\/span>\n\t<\/div>\n<\/div>[\/vc_column][\/vc_row]<\/p>\n","protected":false},"excerpt":{"rendered":"<p>[vc_row content_width=&#8221;grid&#8221; el_id=&#8221;portfolio&#8221;][vc_column][vc_empty_space][vc_column_text] Our success stories [\/vc_column_text][vc_empty_space][vc_column_text]Let yourself be inspired by our projects and discover our wide range of tailor-made solutions for all types of events: weddings, baptisms, private parties, concerts, corporate parties and temporary tents for sales activation points such as testing centres for&#8230;<\/p>\n","protected":false},"author":1,"featured_media":0,"parent":0,"menu_order":0,"comment_status":"closed","ping_status":"closed","template":"full-width.php","meta":{"inline_featured_image":false,"_joinchat":[],"footnotes":""},"class_list":["post-8668","page","type-page","status-publish","hentry"],"acf":[],"_links":{"self":[{"href":"https:\/\/globaltendas.com\/en\/wp-json\/wp\/v2\/pages\/8668","targetHints":{"allow":["GET"]}}],"collection":[{"href":"https:\/\/globaltendas.com\/en\/wp-json\/wp\/v2\/pages"}],"about":[{"href":"https:\/\/globaltendas.com\/en\/wp-json\/wp\/v2\/types\/page"}],"author":[{"embeddable":true,"href":"https:\/\/globaltendas.com\/en\/wp-json\/wp\/v2\/users\/1"}],"replies":[{"embeddable":true,"href":"https:\/\/globaltendas.com\/en\/wp-json\/wp\/v2\/comments?post=8668"}],"version-history":[{"count":10,"href":"https:\/\/globaltendas.com\/en\/wp-json\/wp\/v2\/pages\/8668\/revisions"}],"predecessor-version":[{"id":10128,"href":"https:\/\/globaltendas.com\/en\/wp-json\/wp\/v2\/pages\/8668\/revisions\/10128"}],"wp:attachment":[{"href":"https:\/\/globaltendas.com\/en\/wp-json\/wp\/v2\/media?parent=8668"}],"curies":[{"name":"wp","href":"https:\/\/api.w.org\/{rel}","templated":true}]}}